{"id":254,"date":"2022-07-22T20:06:55","date_gmt":"2022-07-22T20:06:55","guid":{"rendered":"https:\/\/dev.fuegoyamana.com\/abreu\/?page_id=254"},"modified":"2022-07-10T21:31:19","modified_gmt":"2022-07-10T21:31:19","slug":"historia","status":"publish","type":"page","link":"https:\/\/abreu.com.ar\/desarrollo-filtros\/compania\/historia\/","title":{"rendered":"Historia"},"content":{"rendered":"<p>[et_pb_section fb_built=\u00bb1&#8243; _builder_version=\u00bb4.17.3&#8243; _module_preset=\u00bbdefault\u00bb global_colors_info=\u00bb{}\u00bb][et_pb_row _builder_version=\u00bb4.17.3&#8243; _module_preset=\u00bbdefault\u00bb global_colors_info=\u00bb{}\u00bb][et_pb_column type=\u00bb4_4&#8243; _builder_version=\u00bb4.17.3&#8243; _module_preset=\u00bbdefault\u00bb global_colors_info=\u00bb{}\u00bb][et_pb_text _builder_version=\u00bb4.17.3&#8243; _module_preset=\u00bba0682651-9d86-4125-b11f-874ccf4f02a8&#8243; global_colors_info=\u00bb{}\u00bb]<\/p>\n<h1>Historia<\/h1>\n<p>[\/et_pb_text][\/et_pb_column][\/et_pb_row][et_pb_row _builder_version=\u00bb4.17.3&#8243; _module_preset=\u00bbdefault\u00bb global_colors_info=\u00bb{}\u00bb][et_pb_column type=\u00bb4_4&#8243; _builder_version=\u00bb4.17.3&#8243; _module_preset=\u00bbdefault\u00bb global_colors_info=\u00bb{}\u00bb][et_pb_text _builder_version=\u00bb4.17.3&#8243; _module_preset=\u00bbdefault\u00bb global_colors_info=\u00bb{}\u00bb]<\/p>\n<h3>De Argentina hacia el mundo<\/h3>\n<p>A lo largo de estos 40 a\u00f1os, y frente a los embates de la econom\u00eda argentina, Abreu logr\u00f3 constituirse como una empresa s\u00f3lida, manteniendo un crecimiento sostenido y constante. La fortaleza de la compa\u00f1\u00eda radica en su capacidad para el desarrollo de productos de excelente calidad y v\u00ednculos humanos, estableciendo as\u00ed relaciones productivas de largo plazo con clientes y colaboradores.<\/p>\n<p>[\/et_pb_text][et_pb_image src=\u00bbhttps:\/\/abreu.com.ar\/desarrollo-filtros\/wp-content\/uploads\/2022\/04\/Historia-01.jpg\u00bb src_tablet=\u00bbhttps:\/\/abreu.com.ar\/desarrollo-filtros\/wp-content\/uploads\/2022\/04\/Historia-01-mobile.jpg\u00bb src_phone=\u00bbhttps:\/\/abreu.com.ar\/desarrollo-filtros\/wp-content\/uploads\/2022\/04\/Historia-01-mobile.jpg\u00bb src_last_edited=\u00bbon|tablet\u00bb _builder_version=\u00bb4.17.4&#8243; _module_preset=\u00bbdefault\u00bb hover_enabled=\u00bb0&#8243; global_colors_info=\u00bb{}\u00bb sticky_enabled=\u00bb0&#8243;][\/et_pb_image][\/et_pb_column][\/et_pb_row][et_pb_row _builder_version=\u00bb4.17.3&#8243; _module_preset=\u00bbdefault\u00bb custom_margin=\u00bb||0px||false|false\u00bb custom_padding=\u00bb||0px||false|false\u00bb global_colors_info=\u00bb{}\u00bb][et_pb_column type=\u00bb4_4&#8243; _builder_version=\u00bb4.17.3&#8243; _module_preset=\u00bbdefault\u00bb custom_padding=\u00bb||0px||false|false\u00bb global_colors_info=\u00bb{}\u00bb][et_pb_text _builder_version=\u00bb4.17.3&#8243; _module_preset=\u00bbdefault\u00bb custom_margin=\u00bb||0px||false|false\u00bb custom_padding=\u00bb||0px||false|false\u00bb global_colors_info=\u00bb{}\u00bb]<\/p>\n<h3>Los comienzos 1978\/1988<\/h3>\n<p>[\/et_pb_text][\/et_pb_column][\/et_pb_row][et_pb_row column_structure=\u00bb1_2,1_2&#8243; _builder_version=\u00bb4.17.3&#8243; _module_preset=\u00bbdefault\u00bb custom_padding=\u00bb0px||||false|false\u00bb global_colors_info=\u00bb{}\u00bb][et_pb_column type=\u00bb1_2&#8243; _builder_version=\u00bb4.17.3&#8243; _module_preset=\u00bbdefault\u00bb global_colors_info=\u00bb{}\u00bb][et_pb_text _builder_version=\u00bb4.17.3&#8243; _module_preset=\u00bbdefault\u00bb global_colors_info=\u00bb{}\u00bb]<\/p>\n<p>De naturaleza inquieta y emprendedora, hacia fines de la d\u00e9cada del 70, Antonio Abreu se encontraba dise\u00f1ando un sistema innovador de puertas para c\u00e1maras frigor\u00edficas, aplicando una tecnolog\u00eda que las hac\u00eda \u00fanicas en su tipo. Fue as\u00ed que el 1 de marzo de 1978, comienza a comercializar su sistema de puertas, dando as\u00ed lugar a la fundaci\u00f3n de la empresa Abreu &amp; Ruocco S.L.<\/p>\n<p>[\/et_pb_text][\/et_pb_column][et_pb_column type=\u00bb1_2&#8243; _builder_version=\u00bb4.17.3&#8243; _module_preset=\u00bbdefault\u00bb global_colors_info=\u00bb{}\u00bb][et_pb_text _builder_version=\u00bb4.17.3&#8243; _module_preset=\u00bbdefault\u00bb global_colors_info=\u00bb{}\u00bb]<\/p>\n<p>En 1981 da un paso m\u00e1s y perfecciona su invento, desarrollando \u00edntegramente un exclusivo sistema de marco calefactor de grandes prestaciones para las puertas de c\u00e1mara. <br \/>Tras a\u00f1os de intenso trabajo y en la b\u00fasqueda por diversificar su oferta, en 1988 consigue introducir las cintas transportadoras pl\u00e1sticas en buques pesqueros y plantas procesadoras.<\/p>\n<p>[\/et_pb_text][\/et_pb_column][\/et_pb_row][et_pb_row column_structure=\u00bb1_2,1_2&#8243; _builder_version=\u00bb4.17.3&#8243; _module_preset=\u00bbdefault\u00bb global_colors_info=\u00bb{}\u00bb][et_pb_column type=\u00bb1_2&#8243; _builder_version=\u00bb4.17.3&#8243; _module_preset=\u00bbdefault\u00bb global_colors_info=\u00bb{}\u00bb][et_pb_image src=\u00bbhttps:\/\/abreu.com.ar\/desarrollo-filtros\/wp-content\/uploads\/2022\/06\/Historia-02.jpg\u00bb force_fullwidth=\u00bbon\u00bb _builder_version=\u00bb4.17.4&#8243; _module_preset=\u00bbdefault\u00bb hover_enabled=\u00bb0&#8243; global_colors_info=\u00bb{}\u00bb sticky_enabled=\u00bb0&#8243;][\/et_pb_image][\/et_pb_column][et_pb_column type=\u00bb1_2&#8243; _builder_version=\u00bb4.17.3&#8243; _module_preset=\u00bbdefault\u00bb global_colors_info=\u00bb{}\u00bb][et_pb_image src=\u00bbhttps:\/\/abreu.com.ar\/desarrollo-filtros\/wp-content\/uploads\/2022\/07\/Historia-2.jpg\u00bb force_fullwidth=\u00bbon\u00bb _builder_version=\u00bb4.17.4&#8243; _module_preset=\u00bbdefault\u00bb hover_enabled=\u00bb0&#8243; global_colors_info=\u00bb{}\u00bb sticky_enabled=\u00bb0&#8243;][\/et_pb_image][\/et_pb_column][\/et_pb_row][et_pb_row _builder_version=\u00bb4.17.3&#8243; _module_preset=\u00bbdefault\u00bb custom_margin=\u00bb||0px||false|false\u00bb custom_padding=\u00bb||0px||false|false\u00bb global_colors_info=\u00bb{}\u00bb][et_pb_column type=\u00bb4_4&#8243; _builder_version=\u00bb4.17.3&#8243; _module_preset=\u00bbdefault\u00bb custom_padding=\u00bb||0px||false|false\u00bb global_colors_info=\u00bb{}\u00bb][et_pb_text _builder_version=\u00bb4.17.3&#8243; _module_preset=\u00bbdefault\u00bb custom_margin=\u00bb||0px||false|false\u00bb custom_padding=\u00bb||0px||false|false\u00bb global_colors_info=\u00bb{}\u00bb]<\/p>\n<h3>El Crecimiento 1988\/2007<\/h3>\n<p>[\/et_pb_text][\/et_pb_column][\/et_pb_row][et_pb_row column_structure=\u00bb1_2,1_2&#8243; _builder_version=\u00bb4.17.3&#8243; _module_preset=\u00bbdefault\u00bb custom_padding=\u00bb0px||||false|false\u00bb global_colors_info=\u00bb{}\u00bb][et_pb_column type=\u00bb1_2&#8243; _builder_version=\u00bb4.17.3&#8243; _module_preset=\u00bbdefault\u00bb global_colors_info=\u00bb{}\u00bb][et_pb_text _builder_version=\u00bb4.17.3&#8243; _module_preset=\u00bbdefault\u00bb global_colors_info=\u00bb{}\u00bb]<\/p>\n<p>Luego de una d\u00e9cada de crecimiento y con la mirada puesta en el mundo, entre 1989 y 1991 se realizan una serie de misiones comerciales a fin de establecer v\u00ednculos y colocar los productos Abreu &amp; Ruocco en el mercado internacional.<br \/>En el a\u00f1o 1993 la empresa pasa a llamarse \u00edntegramente Antonio Abreu.<br \/>Hacia 1996 y fruto del crecimiento continuo, ampl\u00edan la planta de fabricaci\u00f3n, construyendo una nueva ala destinada al aumento de producci\u00f3n.<br \/>Los siguientes 10 a\u00f1os fueron muy auspiciosos para la compa\u00f1\u00eda, ampliando en dos oportunidades su planta de producci\u00f3n e instalando un puente gr\u00faa de 5.000 Kg. Al mismo tiempo invierten en tecnolog\u00eda para mejorar los procesos de producci\u00f3n, adquiriendo una m\u00e1quina plegadora, una m\u00e1quina de corte por chorro de agua y una guillotina con control num\u00e9rico.<\/p>\n<p>[\/et_pb_text][\/et_pb_column][et_pb_column type=\u00bb1_2&#8243; _builder_version=\u00bb4.17.3&#8243; _module_preset=\u00bbdefault\u00bb global_colors_info=\u00bb{}\u00bb][et_pb_text _builder_version=\u00bb4.17.3&#8243; _module_preset=\u00bbdefault\u00bb global_colors_info=\u00bb{}\u00bb]<\/p>\n<p>El desarrollo de productos continu\u00f3 de forma ininterrumpida, en 1998 crean la primera congeladora superficial en Argentina, dise\u00f1ada para ser instalada en la entrada de un girofreezer. En 1999 se desarrolla la primera m\u00e1quina peladora de calamar de Argentina. <br \/>Luego de muchos a\u00f1os de trabajo de Antonio junto a sus hijos, en el a\u00f1o 2005 la empresa adopta una nueva forma jur\u00eddica y comienza a llamarse Abreu S.A.<br \/>En 2007 Abreu dise\u00f1a y fabrica los refugios para peatones del transporte p\u00fablico de la ciudad de Mar del Plata, incorporando para este trabajo una cabina para granallado con microesferas de vidrio. <\/p>\n<p>[\/et_pb_text][\/et_pb_column][\/et_pb_row][et_pb_row column_structure=\u00bb1_2,1_2&#8243; _builder_version=\u00bb4.17.3&#8243; _module_preset=\u00bbdefault\u00bb global_colors_info=\u00bb{}\u00bb][et_pb_column type=\u00bb1_2&#8243; _builder_version=\u00bb4.17.3&#8243; _module_preset=\u00bbdefault\u00bb global_colors_info=\u00bb{}\u00bb][et_pb_image src=\u00bbhttps:\/\/abreu.com.ar\/desarrollo-filtros\/wp-content\/uploads\/2022\/04\/Historia-04.jpg\u00bb force_fullwidth=\u00bbon\u00bb _builder_version=\u00bb4.17.4&#8243; _module_preset=\u00bbdefault\u00bb hover_enabled=\u00bb0&#8243; global_colors_info=\u00bb{}\u00bb sticky_enabled=\u00bb0&#8243;][\/et_pb_image][\/et_pb_column][et_pb_column type=\u00bb1_2&#8243; _builder_version=\u00bb4.17.3&#8243; _module_preset=\u00bbdefault\u00bb global_colors_info=\u00bb{}\u00bb][et_pb_image src=\u00bbhttps:\/\/abreu.com.ar\/desarrollo-filtros\/wp-content\/uploads\/2022\/07\/Historia-4.jpg\u00bb force_fullwidth=\u00bbon\u00bb _builder_version=\u00bb4.17.4&#8243; _module_preset=\u00bbdefault\u00bb hover_enabled=\u00bb0&#8243; global_colors_info=\u00bb{}\u00bb sticky_enabled=\u00bb0&#8243;][\/et_pb_image][\/et_pb_column][\/et_pb_row][et_pb_row _builder_version=\u00bb4.17.3&#8243; _module_preset=\u00bbdefault\u00bb custom_margin=\u00bb||0px||false|false\u00bb custom_padding=\u00bb||0px||false|false\u00bb global_colors_info=\u00bb{}\u00bb][et_pb_column type=\u00bb4_4&#8243; _builder_version=\u00bb4.17.3&#8243; _module_preset=\u00bbdefault\u00bb custom_padding=\u00bb||0px||false|false\u00bb global_colors_info=\u00bb{}\u00bb][et_pb_text _builder_version=\u00bb4.17.3&#8243; _module_preset=\u00bbdefault\u00bb custom_margin=\u00bb||0px||false|false\u00bb custom_padding=\u00bb||0px||false|false\u00bb global_colors_info=\u00bb{}\u00bb]<\/p>\n<h3>La Consolidaci\u00f3n 2008\/2021<\/h3>\n<p>[\/et_pb_text][\/et_pb_column][\/et_pb_row][et_pb_row column_structure=\u00bb1_2,1_2&#8243; _builder_version=\u00bb4.17.3&#8243; _module_preset=\u00bbdefault\u00bb custom_padding=\u00bb0px||||false|false\u00bb global_colors_info=\u00bb{}\u00bb][et_pb_column type=\u00bb1_2&#8243; _builder_version=\u00bb4.17.3&#8243; _module_preset=\u00bbdefault\u00bb global_colors_info=\u00bb{}\u00bb][et_pb_text _builder_version=\u00bb4.17.3&#8243; _module_preset=\u00bbdefault\u00bb global_colors_info=\u00bb{}\u00bb]<\/p>\n<p>A 30 a\u00f1os de su fundaci\u00f3n, Abreu reafirma su fuerte compromiso con la calidad y la mejora continua, obteniendo en 2008 la certificaci\u00f3n Norma ISO 9001 de calidad.<br \/>En 2010 ampl\u00eda nuevamente las instalaciones para el emplazamiento de una nueva m\u00e1quina de corte por l\u00e1ser de \u00faltima tecnolog\u00eda, con una gran superficie de trabajo para el corte de metales y de gran velocidad.<br \/>En 2018 es trasladada la planta al Parque Industrial Mar del Plata, contando en la actualidad con una superficie cubierta de 3.000 m2, y una amplia l\u00ednea de productos que satisfacen todas las necesidades de la industria alimenticia.<\/p>\n<p>[\/et_pb_text][\/et_pb_column][et_pb_column type=\u00bb1_2&#8243; _builder_version=\u00bb4.17.3&#8243; _module_preset=\u00bbdefault\u00bb global_colors_info=\u00bb{}\u00bb][et_pb_text _builder_version=\u00bb4.17.3&#8243; _module_preset=\u00bbdefault\u00bb global_colors_info=\u00bb{}\u00bb]<\/p>\n<p>Ese mismo a\u00f1o Abreu realiza un acuerdo de exclusividad con la reconocida marca de espirales Intralox, para la representaci\u00f3n de sus sistema DirectDrive en toda latinoam\u00e9rica.<br \/>En 2021 la empresa finaliza el a\u00f1o con dos hitos importantes: la adquisici\u00f3n de una plegadora de \u00faltima tecnolog\u00eda con control num\u00e9rico de origen suizo; y la fabricaci\u00f3n e instalaci\u00f3n de un Espiral de secado con tecnolog\u00eda DirectDrive para una importante empresa internacional.<\/p>\n<p>[\/et_pb_text][\/et_pb_column][\/et_pb_row][et_pb_row _builder_version=\u00bb4.17.3&#8243; _module_preset=\u00bbdefault\u00bb global_colors_info=\u00bb{}\u00bb][et_pb_column type=\u00bb4_4&#8243; _builder_version=\u00bb4.17.3&#8243; _module_preset=\u00bbdefault\u00bb global_colors_info=\u00bb{}\u00bb][et_pb_image src=\u00bbhttps:\/\/abreu.com.ar\/desarrollo-filtros\/wp-content\/uploads\/2022\/05\/Historia-06.jpg\u00bb force_fullwidth=\u00bbon\u00bb src_tablet=\u00bbhttps:\/\/abreu.com.ar\/desarrollo-filtros\/wp-content\/uploads\/2022\/04\/Historia-06-mobile.jpg\u00bb src_phone=\u00bbhttps:\/\/abreu.com.ar\/desarrollo-filtros\/wp-content\/uploads\/2022\/05\/Historia-06-mobile.jpg\u00bb src_last_edited=\u00bbon|phone\u00bb _builder_version=\u00bb4.17.4&#8243; _module_preset=\u00bbdefault\u00bb hover_enabled=\u00bb0&#8243; global_colors_info=\u00bb{}\u00bb sticky_enabled=\u00bb0&#8243;][\/et_pb_image][\/et_pb_column][\/et_pb_row][et_pb_row _builder_version=\u00bb4.17.3&#8243; _module_preset=\u00bbdefault\u00bb custom_margin=\u00bb||0px||false|false\u00bb custom_padding=\u00bb||0px||false|false\u00bb global_colors_info=\u00bb{}\u00bb][et_pb_column type=\u00bb4_4&#8243; _builder_version=\u00bb4.17.3&#8243; _module_preset=\u00bbdefault\u00bb custom_padding=\u00bb||0px||false|false\u00bb global_colors_info=\u00bb{}\u00bb][et_pb_text _builder_version=\u00bb4.17.4&#8243; _module_preset=\u00bbdefault\u00bb custom_margin=\u00bb||0px||false|false\u00bb custom_padding=\u00bb||0px||false|false\u00bb global_colors_info=\u00bb{}\u00bb]<\/p>\n<h3>La Expansi\u00f3n 2022\/\u2026<\/h3>\n<p>El futuro lo escribimos d\u00eda a d\u00eda<\/p>\n<p>[\/et_pb_text][\/et_pb_column][\/et_pb_row][\/et_pb_section]<\/p>\n","protected":false},"excerpt":{"rendered":"<p>HistoriaDe Argentina hacia el mundo A lo largo de estos 40 a\u00f1os, y frente a los embates de la econom\u00eda argentina, Abreu logr\u00f3 constituirse como una empresa s\u00f3lida, manteniendo un crecimiento sostenido y constante. La fortaleza de la compa\u00f1\u00eda radica en su capacidad para el desarrollo de productos de excelente calidad y v\u00ednculos humanos, estableciendo [&hellip;]<\/p>\n","protected":false},"author":3,"featured_media":0,"parent":248,"menu_order":0,"comment_status":"closed","ping_status":"closed","template":"","meta":{"_acf_changed":false,"_et_pb_use_builder":"on","_et_pb_old_content":"<!-- wp:divi\/placeholder \/-->","_et_gb_content_width":"","footnotes":"","_links_to":"","_links_to_target":""},"class_list":["post-254","page","type-page","status-publish","hentry"],"acf":[],"_links":{"self":[{"href":"https:\/\/abreu.com.ar\/desarrollo-filtros\/wp-json\/wp\/v2\/pages\/254","targetHints":{"allow":["GET"]}}],"collection":[{"href":"https:\/\/abreu.com.ar\/desarrollo-filtros\/wp-json\/wp\/v2\/pages"}],"about":[{"href":"https:\/\/abreu.com.ar\/desarrollo-filtros\/wp-json\/wp\/v2\/types\/page"}],"author":[{"embeddable":true,"href":"https:\/\/abreu.com.ar\/desarrollo-filtros\/wp-json\/wp\/v2\/users\/3"}],"replies":[{"embeddable":true,"href":"https:\/\/abreu.com.ar\/desarrollo-filtros\/wp-json\/wp\/v2\/comments?post=254"}],"version-history":[{"count":0,"href":"https:\/\/abreu.com.ar\/desarrollo-filtros\/wp-json\/wp\/v2\/pages\/254\/revisions"}],"up":[{"embeddable":true,"href":"https:\/\/abreu.com.ar\/desarrollo-filtros\/wp-json\/wp\/v2\/pages\/248"}],"wp:attachment":[{"href":"https:\/\/abreu.com.ar\/desarrollo-filtros\/wp-json\/wp\/v2\/media?parent=254"}],"curies":[{"name":"wp","href":"https:\/\/api.w.org\/{rel}","templated":true}]}}